{"id":479,"date":"2020-01-29T13:53:50","date_gmt":"2020-01-29T12:53:50","guid":{"rendered":"https:\/\/llengues.umh.es\/?page_id=479"},"modified":"2025-05-22T12:45:16","modified_gmt":"2025-05-22T10:45:16","slug":"lliga-de-debat-universitaria","status":"publish","type":"page","link":"https:\/\/llengues.umh.es\/en\/lliga-de-debat-universitaria\/","title":{"rendered":"Lliga de Debat Universit\u00e0ria"},"content":{"rendered":"<p>La Lliga de Debat Universit\u00e0ria \u00e9s una competici\u00f3 dial\u00e8ctica en la qual, durant una setmana, diferents equips d\u2019estudiants universitaris debaten sobre un tema pol\u00e8mic i d\u2019actualitat.<br \/>\nL\u2019objectiu de la competici\u00f3 \u00e9s fomentar l\u2019\u00fas de la paraula i potenciar capacitats com el treball en equip, l\u2019argumentaci\u00f3 i la posada en escena i la relaci\u00f3 amb estudiants d\u2019altres universitats.<br \/>\n<img loading=\"lazy\" class=\"wp-image-1273 alignleft\" src=\"https:\/\/llengues.umh.es\/files\/2021\/12\/LligaDeDebat2022_cartellweb.jpg\" alt=\"\" width=\"329\" height=\"465\" srcset=\"https:\/\/llengues.umh.es\/files\/2021\/12\/LligaDeDebat2022_cartellweb.jpg 1240w, https:\/\/llengues.umh.es\/files\/2021\/12\/LligaDeDebat2022_cartellweb-212x300.jpg 212w, https:\/\/llengues.umh.es\/files\/2021\/12\/LligaDeDebat2022_cartellweb-724x1024.jpg 724w, https:\/\/llengues.umh.es\/files\/2021\/12\/LligaDeDebat2022_cartellweb-768x1086.jpg 768w, https:\/\/llengues.umh.es\/files\/2021\/12\/LligaDeDebat2022_cartellweb-1086x1536.jpg 1086w\" sizes=\"(max-width: 329px) 100vw, 329px\" \/><\/p>\n<p><strong>Qui pot participar a la Lliga de Debat Universit\u00e0ria?<\/strong><\/p>\n<p>La participaci\u00f3 en la competici\u00f3 est\u00e0 oberta a l\u2019alumnat de les\u00a0<a href=\"https:\/\/www.vives.org\/qui-som\/universitats-xarxa-vives\/\" target=\"_blank\" rel=\"noopener noreferrer\">universitats membres de la Xarxa Vives<\/a>, que estiga matriculat en el curs acad\u00e8mic en qu\u00e8 es realitza la competici\u00f3.<\/p>\n<p>Els equips representen la seua universitat i han d\u2019estar formats per un m\u00ednim de 2 i un m\u00e0xim de 5 persones. Aquest equip haur\u00e0 d\u2019estar representat per un capit\u00e0.<\/p>\n<p><strong>Quins s\u00f3n els objectius de la Lliga de Debat de Secund\u00e0ria i Batxillerat?<\/strong><\/p>\n<p>L\u2019objectiu de la Lliga de Debat Universit\u00e0ria \u00e9s\u00a0fomentar l\u2019\u00fas de la paraula entre l\u2019estudiantat universitari.<\/p>\n<p><strong>Com es desenvolupa la Lliga de Debat Universit\u00e0ria?<\/strong><\/p>\n<p>Mesos abans del comen\u00e7ament de la Lliga es fa p\u00fablic el tema del debat. Durant la competici\u00f3, els equips no coneixen quina posici\u00f3 han de defensar (a favor o en contra) fins a uns minuts abans de comen\u00e7ar cada enfrontament. Un equip de jutges decideix quina argumentaci\u00f3 s\u2019ha realitzat amb el m\u00e0xim rigor i de la forma m\u00e9s convincent posible, d\u2019acord amb els criteris establerts a les\u00a0bases de la competici\u00f3.<\/p>\n<hr \/>\n<p style=\"text-align: center\"><iframe  id=\"_ytid_15803\"  width=\"480\" height=\"270\"  data-origwidth=\"480\" data-origheight=\"270\" src=\"https:\/\/www.youtube.com\/embed\/xjVtpMWsBLc?enablejsapi=1&autoplay=0&cc_load_policy=0&cc_lang_pref=&iv_load_policy=1&loop=0&modestbranding=0&rel=1&fs=1&playsinline=0&autohide=2&theme=dark&color=red&controls=1&\" class=\"__youtube_prefs__  no-lazyload\" title=\"YouTube player\"  allow=\"accelerometer; autoplay; clipboard-write; encrypted-media; gyroscope; picture-in-picture\" allowfullscreen data-no-lazy=\"1\" data-skipgform_ajax_framebjll=\"\"><\/iframe><\/p>\n<p>&nbsp;<\/p>\n<p><a href=\"https:\/\/www.vives.org\/programes\/estudiants\/lliga-debat-universitaria\/\" target=\"_blank\" rel=\"noopener noreferrer\"><img loading=\"lazy\" class=\"alignnone wp-image-467\" src=\"https:\/\/llengues.umh.es\/files\/2020\/01\/descarga.png\" alt=\"\" width=\"155\" height=\"89\" \/><\/a><a href=\"https:\/\/www.vives.org\/\" target=\"_blank\" rel=\"noopener noreferrer\"><img loading=\"lazy\" class=\"alignnone wp-image-470\" src=\"https:\/\/llengues.umh.es\/files\/2020\/01\/descarga-300x65.jpg\" alt=\"\" width=\"194\" height=\"42\" srcset=\"https:\/\/llengues.umh.es\/files\/2020\/01\/descarga-300x65.jpg 300w, https:\/\/llengues.umh.es\/files\/2020\/01\/descarga.jpg 481w\" sizes=\"(max-width: 194px) 100vw, 194px\" \/><\/a><a href=\"https:\/\/www.vives.org\/programes\/estudiants\/lliga-debat-secundaria-batxillerat\/\" target=\"_blank\" rel=\"noopener noreferrer\"><img loading=\"lazy\" class=\"alignnone wp-image-474\" src=\"https:\/\/llengues.umh.es\/files\/2020\/01\/LDSB-sense-fons-300x181.png\" alt=\"\" width=\"147\" height=\"89\" srcset=\"https:\/\/llengues.umh.es\/files\/2020\/01\/LDSB-sense-fons-300x181.png 300w, https:\/\/llengues.umh.es\/files\/2020\/01\/LDSB-sense-fons-768x464.png 768w, https:\/\/llengues.umh.es\/files\/2020\/01\/LDSB-sense-fons-1024x619.png 1024w, https:\/\/llengues.umh.es\/files\/2020\/01\/LDSB-sense-fons.png 1530w\" sizes=\"(max-width: 147px) 100vw, 147px\" \/><\/a><\/p>","protected":false},"excerpt":{"rendered":"<p>La Lliga de Debat Universit\u00e0ria \u00e9s una competici\u00f3 dial\u00e8ctica en la qual, durant una setmana, diferents equips d\u2019estudiants universitaris debaten sobre un tema pol\u00e8mic i d\u2019actualitat.<br \/>\nL\u2019objectiu de la competici\u00f3 \u00e9s fomentar l\u2019\u00fas de la paraula i potenciar capacitats com el treball en equip, l\u2019argumentaci\u00f3 i la posada en escena i la relaci\u00f3 amb estudiants d\u2019altres [&#8230;]<\/p>\n","protected":false},"author":3564,"featured_media":0,"parent":0,"menu_order":8,"comment_status":"closed","ping_status":"closed","template":"","meta":{"_links_to":"","_links_to_target":""},"_links":{"self":[{"href":"https:\/\/llengues.umh.es\/en\/wp-json\/wp\/v2\/pages\/479"}],"collection":[{"href":"https:\/\/llengues.umh.es\/en\/wp-json\/wp\/v2\/pages"}],"about":[{"href":"https:\/\/llengues.umh.es\/en\/wp-json\/wp\/v2\/types\/page"}],"author":[{"embeddable":true,"href":"https:\/\/llengues.umh.es\/en\/wp-json\/wp\/v2\/users\/3564"}],"replies":[{"embeddable":true,"href":"https:\/\/llengues.umh.es\/en\/wp-json\/wp\/v2\/comments?post=479"}],"version-history":[{"count":0,"href":"https:\/\/llengues.umh.es\/en\/wp-json\/wp\/v2\/pages\/479\/revisions"}],"wp:attachment":[{"href":"https:\/\/llengues.umh.es\/en\/wp-json\/wp\/v2\/media?parent=479"}],"curies":[{"name":"wp","href":"https:\/\/api.w.org\/{rel}","templated":true}]}}