{"id":2128,"date":"2023-09-05T13:43:19","date_gmt":"2023-09-05T11:43:19","guid":{"rendered":"https:\/\/llengues.umh.es\/?page_id=2128"},"modified":"2026-04-21T11:35:39","modified_gmt":"2026-04-21T09:35:39","slug":"cieacova-convocatoria-maig-juny-2026","status":"publish","type":"page","link":"https:\/\/llengues.umh.es\/es\/cieacova-convocatoria-maig-juny-2026\/","title":{"rendered":"CIEACOVA"},"content":{"rendered":"<p><\/p>\n<p style=\"text-align: center\"><img loading=\"lazy\" class=\"wp-image-500 aligncenter\" src=\"https:\/\/llengues.umh.es\/files\/2020\/03\/CIEACOVA-300x85.png\" alt=\"Logo Cieacova\" width=\"166\" height=\"47\" \/><\/p>\n<h5 style=\"text-align: center\"><strong>Proves comunes d\u2019acreditaci\u00f3 de coneixements de Valenci\u00e0<\/strong><br \/>\ncol\u00b7labora:<\/h5>\n<p style=\"text-align: center\"><a href=\"https:\/\/llengues.umh.es\/files\/2024\/10\/Logo_GVA_VAL_rojo.png\"><img loading=\"lazy\" class=\"alignnone wp-image-2936\" src=\"https:\/\/llengues.umh.es\/files\/2024\/10\/Logo_GVA_VAL_rojo.png\" alt=\"\" width=\"160\" height=\"81\" \/><\/a><\/p>\n<p style=\"text-align: justify\">La Comissi\u00f3 Interuniversit\u00e0ria d\u2019Estandarditzaci\u00f3 d\u2019Acreditacions de Coneixements de Valenci\u00e0 (cieaCOVA) est\u00e0 formada per membres dels serveis ling\u00fc\u00edstics de les universitats seg\u00fcents: Universitat de Val\u00e8ncia-Estudi General, Universitat Polit\u00e8cnica de Val\u00e8ncia, Universitat d\u2019Alacant, Universitat Jaume I de Castell\u00f3, Universitat Miguel Hern\u00e1ndez d\u2019Elx, Universitat Cardenal Herrera-CEU i Universitat Cat\u00f2lica de Val\u00e8ncia\u2013Sant Vicent M\u00e0rtir. La cieaCOVA naix del conveni signat per aquestes universitats per a l\u2019homologaci\u00f3 dels certificats de valenci\u00e0 expedits pels respectius serveis ling\u00fc\u00edstics universitaris.<\/p>\n<p style=\"text-align: center\"><a href=\"http:\/\/cieacova.com\/models\/\">Models de proves<\/a> &#8211; <a href=\"http:\/\/cieacova.com\/programes-estructures-i-criteris-de-correccio\/\" target=\"_blank\" rel=\"noopener noreferrer\">Programes, estructures i criteris de correcci\u00f3<\/a> &#8211; <a href=\"https:\/\/llengues.umh.es\/files\/2021\/09\/DUBTES-FREQ-FAQ-gener_2020_v2.0.pdf\" target=\"_blank\" rel=\"noopener noreferrer\">Preguntes freq\u00fcents<\/a><\/p>\n<hr \/>\n<p style=\"text-align: center\"><a href=\"https:\/\/cieacova.com\/\" target=\"_blank\" rel=\"noopener\"><span style=\"color: #000000\"><strong>CONVOCAT\u00d2RIA MARC 2026<\/strong><\/span><\/a><\/p>\n<hr \/>\n<p style=\"text-align: center\"><span style=\"color: #800000\"><strong>BASES DE LA CONVOCAT\u00d2RIA ESCEC\u00cdFICA DE LA UMH<\/strong><\/span><\/p>\n<p><span style=\"text-decoration: underline\"><span style=\"color: #800000\"><strong>MATR\u00cdCULA<\/strong><\/span><\/span><\/p>\n<p style=\"padding-left: 40px\"><span style=\"color: #000000\"><strong>**COMUNITAT UNIVERSIT\u00c0RIA UMH<\/strong> (alumnat i alumni, PTGAS, PDI i Centre d\u2019Idiomes UMH)<\/span><br \/>\n<span style=\"color: #000000\"><span style=\"color: #993366\"><strong><span style=\"color: #0000ff\"><em><span style=\"text-decoration: underline;color: #ff0000\"><img src=\"https:\/\/sipt.umh.es\/files\/2021\/11\/abre-en-nueva-ventana.png\" alt=\"abre en ventana nueva\" \/><\/span><\/em><\/span><\/strong><\/span><\/span><strong><a href=\"https:\/\/universite.umh.es\/fpogestion\/aspx\/Preinscripcion\/Preinscripcion.aspx\" target=\"_blank\" rel=\"noopener\">MATR\u00cdCULA PERSONAL I ALUMNAT UMH<\/a><\/strong> del 20 al 23 de mar\u00e7 de 2026.\u00a0 60\u20ac<\/p>\n<p style=\"padding-left: 40px\"><span style=\"color: #ff0000\">La matr\u00edcula est\u00e0 garantida i finalitzada en el moment del pagament i no ser\u00e0 necess\u00e0ria la confirmaci\u00f3.<\/span><\/p>\n<p style=\"padding-left: 40px\"><span style=\"color: #000000\"><strong><span style=\"color: #ff0000\">**<\/span>TOTES LES PERSONES INTERESSADES<\/strong> (matr\u00edcula lliure)<\/span><br \/>\n<span style=\"color: #000000\"><span style=\"color: #ff0000\"><strong><span style=\"color: #0000ff\"><em><span style=\"text-decoration: underline;color: #ff0000\"><img class=\"\" src=\"https:\/\/sipt.umh.es\/files\/2021\/11\/abre-en-nueva-ventana.png\" alt=\"abre en ventana nueva\" \/><\/span><\/em><\/span><\/strong><\/span><\/span><a href=\"https:\/\/universite.umh.es\/fpogestion\/aspx\/Preinscripcion\/Preinscripcion.aspx\" target=\"_blank\" rel=\"noopener\"><strong>MATR\u00cdCULA LLIURE<\/strong><\/a> del 24 al 27 de mar\u00e7 de 2026.\u00a0 60\u20ac<\/p>\n<p style=\"padding-left: 40px\"><strong><span style=\"color: #800080\">*<\/span><\/strong>Incid\u00e8ncies en matr\u00edcula: Oficina de Lleng\u00fces <a href=\"mailto:prova@umh.es\" target=\"_blank\" rel=\"noopener\">prova@umh.es<\/a><\/p>\n<p><strong><span style=\"color: #800080\">* <\/span><\/strong>Dia 31 de mar\u00e7: La informaci\u00f3 de la matr\u00edcula s&#8217;enviar\u00e0 per correu electr\u00f2nic. Si no el reps o si detectes cap error cal enviar un correu i sol\u00b7licitar l&#8217;esmena fins al 27 d&#8217;abril.<\/p>\n<p>* <span style=\"color: #000000\">El fet de realitzar el pagament<\/span>\u00a0comporta que la persona interessada ha llegit i accepta les condicions de la convocat\u00f2ria marc i les bases espec\u00edfiques de la UMH.<\/p>\n<p><strong><span style=\"color: #800080\">* <\/span><\/strong>Les inscripcions no pagades durant el termini de matricula no es consideraran v\u00e0lides.<\/p>\n<p><strong><span style=\"color: #800080\">* <\/span><\/strong>Per a poder inscriure\u2019s cal haver complit 18 anys abans del dia 27 de maig de 2026.<\/p>\n<p><strong><span style=\"color: #800080\">* <\/span><\/strong>Les places s\u00f3n limitades. El termini de matr\u00edcula es tancar\u00e0 autom\u00e0ticament si s\u2019arriba al m\u00e0xim de places disponibles abans del dia de finalitzaci\u00f3.<\/p>\n<p><strong><span style=\"color: #800080\">* <\/span><\/strong>Les persones amb necessitat d\u2019adaptaci\u00f3 per discapacitat igual o superior al 33% per realitzar les proves hauran de revisar el seg\u00fcent <a href=\"https:\/\/atenciondiscapacidad.umh.es\/files\/2020\/03\/Protocol-per-a-la-sol%C2%B7licitud-dadaptacions_V.docx-1.pdf\">Protocol per a la sol\u00b7licitud d\u2019adaptacions<\/a> i enviar el formulari de sol\u00b7licitud d\u2019adaptaci\u00f3 amb la suficient antelaci\u00f3. M\u00e9s informaci\u00f3 en <em><a href=\"https:\/\/atenciondiscapacidad.umh.es\/adaptaciones\/\">Atenci\u00f3 a l&#8217;estudiant amb discapacitat &#8211; ATED<\/a><\/em><\/p>\n<p><span style=\"text-decoration: underline\"><span style=\"color: #800000\"><strong>PROVES MAIG-JUNY 2026<\/strong><\/span><\/span><\/p>\n<p>Reviseu peri\u00f2dicament aquest lloc web per a estar informats dels possibles canvis o modificacions que afecten les proves a la UMH. Aquest lloc web \u00e9s el tauler oficial d&#8217;informaci\u00f3 relacionada amb la matr\u00edcula i desenvolupament de les proves a la UMH.<br \/>\n\u00c9s obligatori acreditar la identitat amb DNI\/NIE, perm\u00eds de conducci\u00f3 o passaport en vigor per a poder realitzar les proves.<\/p>\n<p><span style=\"color: #000000\"><b>PROVA ORAL (maig 2026)<\/b><\/span><\/p>\n<p style=\"padding-left: 40px\"><strong>A2<\/strong>\u00a0 dia 27 de maig <strong>Elx<\/strong><br \/>\n<strong>B2<\/strong>\u00a0 dia 27 de maig <strong>Elx\u00a0<\/strong><br \/>\n<strong>C2<\/strong>\u00a0 dia 27 de maig <strong>Altea <\/strong>&#8211; <strong>Elx<\/strong> &#8211; <strong>Oriola <\/strong>&#8211; <strong>Sant Joan<\/strong><\/p>\n<p style=\"padding-left: 40px\"><strong>B1<\/strong>\u00a0 \u00a0 dia <strong>29<\/strong> de maig <strong>Elx<\/strong><br \/>\n<strong>C1<span style=\"color: #ff0000\">*<\/span><\/strong>\u00a0 dia <span style=\"color: #ff0000\"><strong>28<\/strong><\/span> de maig <strong>Elx<\/strong> (1r cognom de <strong>A <\/strong>a<strong> L<\/strong>)<br \/>\n<strong>C1<span style=\"color: #ff0000\">*<\/span><\/strong>\u00a0 dia <strong>29<\/strong> de maig <strong>Elx<\/strong> (1r cognom de <strong>M <\/strong>a<strong> Z<\/strong>)<br \/>\n<strong>C1\u00a0<\/strong>\u00a0 \u00a0dia <strong>29<\/strong> de maig <strong>Altea<\/strong><br \/>\n<strong>C1\u00a0<\/strong>\u00a0 \u00a0dia <span style=\"color: #ff0000\"><strong>28<\/strong><\/span> de maig <strong>Oriola<\/strong> &#8211; <strong>Sant Joan<\/strong><\/p>\n<p style=\"padding-left: 40px\">Resultat provisional de la prova oral al correu electr\u00f2nic (a partir de les 16:00 h).<br \/>\n<strong>B1-C1 <\/strong>Dia 3de juny<br \/>\n<strong>A2-B2-C2 <\/strong>Dia 4 de juny<\/p>\n<p><span style=\"color: #000000\"><strong>PROVA ESCRITA<\/strong><strong> (juny <\/strong><strong><b>2026)<\/b><\/strong><\/span><\/p>\n<p style=\"padding-left: 40px\"><strong>B1-C1\u00a0 <\/strong>Dia 5 de juny 16:00 hores<br \/>\n<strong>A2-B2-C2\u00a0\u00a0 <\/strong>Dia 8 de juny 16:00 hores<\/p>\n<ul>\n<li style=\"list-style-type: none\">\n<ul>\n<li><a href=\"https:\/\/llengues.umh.es\/files\/2025\/06\/Presentacio-escrit.-C1-C2.mp4\" target=\"_blank\" rel=\"noopener\">V\u00eddeo presentaci\u00f3 de la prova escrita C1 i C2<\/a><\/li>\n<li><a href=\"https:\/\/llengues.umh.es\/files\/2026\/01\/PRESENTAIO-ESCRIT-B1.mp4\" target=\"_blank\" rel=\"noopener\">V\u00eddeo presentaci\u00f3 de la prova escrita B1<\/a><\/li>\n<li><a href=\"https:\/\/drive.google.com\/file\/d\/1N2NV2OBpo3Vmp4k3Q9eNrDMevlhzN_ve\/view?usp=sharing\" target=\"_blank\" rel=\"noopener\">V\u00eddeo presentaci\u00f3 de la prova escrita B2<\/a><\/li>\n<\/ul>\n<\/li>\n<\/ul>\n<p><span style=\"color: #000000\"><strong>RESULTATS DE LES PROVES maig-juny 2026<\/strong><\/span><\/p>\n<p><strong>*<\/strong>A partir del 13 de juliol de 2026: Publicaci\u00f3 dels resultats i expedici\u00f3 de certificats (Per correu electr\u00f2nic)<br \/>\n<strong>*<\/strong>Dies 14 i 15 de juliol: Sol\u00b7licitud de vista de la prova <span style=\"color: #ff0000\">**<\/span>(<strong>Exclusivament mitjan\u00e7ant aquest<\/strong> <span style=\"color: #0000ff\">formulari<\/span>)<span style=\"color: #ff0000\">**<\/span><br \/>\n<strong>*<\/strong>Entre el 16 i el 20 de juliol: Comunicaci\u00f3 i procediment de vista de la prova.<br \/>\n<strong>*<\/strong>Entre el 21 i 23 de juliol: Sol\u00b7licitud de reclamaci\u00f3 de la prova (Inst\u00e0ncia general seu electr\u00f2nica UMH)<br \/>\n<strong>*<\/strong>Dia 23 de setembre : Data l\u00edmit resoluci\u00f3 de les reclamacions de la prova.<\/p>\n<hr \/>\n<p><span style=\"text-decoration: underline\"><span style=\"color: #800000\"><strong>LLOC DE LES PROVES<\/strong><\/span><\/span><\/p>\n<p><strong>C1<\/strong> i <strong>C2<\/strong>: Altea, Elx, Oriola i Sant Joan, segons el campus triat i si el nombre de persones matriculades arriba al m\u00ednim de 25 persones. En cas contrari es reubicar\u00e0 al campus m\u00e9s pr\u00f2xim al qual s\u00ed es realitzen les proves.<br \/>\n<strong>A2<\/strong>, <strong>B1<\/strong> i <strong>B2<\/strong>: Exclusivament al al campus d&#8217;Elx . Nombre de matr\u00edcules per nivell m\u00ednim 25 persones.<\/p>\n<p><a href=\"https:\/\/comunicacion.umh.es\/files\/2019\/05\/Altea.jpg\">Pl\u00e0nol Altea (jpg)<\/a> \u2013 <a href=\"https:\/\/comunicacion.umh.es\/files\/2019\/05\/Elche.png\">Pl\u00e0nol Elx (jpg)<\/a> \u2013 <a href=\"https:\/\/comunicacion.umh.es\/files\/2019\/05\/Sant-Joan-dAlacant.jpg\">Pl\u00e0nol Sant Joan (jpg)<\/a> \u2013 <a href=\"https:\/\/goo.gl\/maps\/9TMCwPAXjiYqKKs9A\">Pl\u00e0nol Salesas-Oriola<\/a><\/p>\n<hr \/>\n<p><span style=\"text-decoration: underline\"><span style=\"color: #800000\"><strong>SOL\u00b7LICITUD I CONDICIONS D&#8217;ANUL\u00b7LACI\u00d3 I DEVOLUCI\u00d3 DE LES TAXES DE MATR\u00cdCULA<\/strong><\/span><\/span><\/p>\n<p>La persona interessada t\u00e9 la possibilitat de sol\u00b7licitar la cancel\u00b7laci\u00f3 de la inscripci\u00f3 i devoluci\u00f3 de les taxes <strong>exclusivament durant els tres dies naturals posteriors al dia de pagament de la matr\u00edcula. No s&#8217;admetr\u00e0 a tr\u00e0mit cap sol\u00b7licitud fora del termini establit en esta convocat\u00f2ria ni per qualsevol causa justificada. Cal emplenar i enviar aquest formulari de<em> <span style=\"color: #0000ff\">sol\u00b7licitud d\u2019anul\u00b7laci\u00f3 i devoluci\u00f3 de taxes<\/span><\/em> (formulari google).<\/strong><br \/>\nLa UMH disposa d\u2019un termini de 90 dies h\u00e0bils per a realitzar la transfer\u00e8ncia de devoluci\u00f3 de taxes.<\/p>\n<hr \/>\n<p><span style=\"text-decoration: underline\"><span style=\"color: #800000\"><strong>CERTIFICAT I VALIDESA<\/strong><\/span><\/span><\/p>\n<p>Obtenci\u00f3 del Certificat electr\u00f2nic de la CEACOVA en la <a href=\"https:\/\/sede.umh.es\">seu electr\u00f2nica UMH.<\/a><\/p>\n<p>Els certificats de la <a href=\"https:\/\/cieacova.com\/\" target=\"_blank\" rel=\"noopener\"><strong>CIEACOVA<\/strong> <\/a>s\u00f3n equivalents als de la Generalitat Valenciana (<a href=\"http:\/\/www.jqcv.gva.es\/\" target=\"_blank\" rel=\"noopener\"><strong>Junta Qualificadora de Coneixements de Valenci\u00e0<\/strong>)<\/a> i de les <a href=\"http:\/\/www.eoi.gva.es\/va\/proves-de-certificacio\" target=\"_blank\" rel=\"noopener\"><strong>escoles oficials d&#8217;idiomes<\/strong><\/a> i a altres certificacions oficials de la <strong><a href=\"http:\/\/llengua.gencat.cat\/ca\/serveis\/acreditacio_coneixements\/certificats_de_catala\/\" target=\"_blank\" rel=\"noopener\">Generalitat de Catalunya<\/a><\/strong>, el <strong><a href=\"http:\/\/www.caib.es\/govern\/organigrama\/area.do?lang=ca&amp;coduo=2486899\" target=\"_blank\" rel=\"noopener\">Govern de les Illes Balears<\/a><\/strong>, el <strong><a href=\"https:\/\/www.educacio.ad\/examens-oficials\/examens-oficials-de-llengua-catalana-nivells-a1-a2-b1-b2-c1-i-c2\" target=\"_blank\" rel=\"noopener\">Govern d\u2019Andorra<\/a><\/strong>, l\u2019<strong><a href=\"https:\/\/www.llull.cat\/catala\/aprendre_catala\/certificats_intro.cfm\" target=\"_blank\" rel=\"noopener\">Institut Ramon Llull<\/a><\/strong>, la <strong><a href=\"http:\/\/slg.uib.cat\/MATRICULA\/Examens-lliures-de-llengua-catalana\/\" target=\"_blank\" rel=\"noopener\">Universitat de les Illes Balears<\/a><\/strong> i les <strong><a href=\"http:\/\/www.cifalc.cat\/certificats-de-catala\/\" target=\"_blank\" rel=\"noopener\">universitats catalanes<\/a><\/strong>.<\/p>\n<hr \/>\n<p><span style=\"text-decoration: underline\"><span style=\"color: #800000\"><strong>INFORMACI\u00d3<\/strong><\/span><\/span><\/p>\n<ul>\n<li><span style=\"color: #800000\">Informaci\u00f3 general <\/span><a href=\"http:\/\/cieacova.com\/\" target=\"_blank\" rel=\"noopener noreferrer\">CIEACOVA.COM<\/a><\/li>\n<li><span style=\"color: #800000\">Incid\u00e8ncies: Oficina de Lleng\u00fces<\/span> <a href=\"mailto:prova@umh.es\" target=\"_blank\" rel=\"noopener noreferrer\">prova@umh.es<\/a><\/li>\n<li style=\"text-align: left\"><span style=\"color: #800000\">Informaci\u00f3 institucional de la UMH sobre les mesures adoptades per la<\/span> <a href=\"https:\/\/pdc.umh.es\/\" target=\"_blank\" rel=\"noopener noreferrer\">COVID-19<\/a><\/li>\n<li><span style=\"color: #800000\">Informaci\u00f3 sobre la protecci\u00f3 de dades de car\u00e0ter personal: <\/span><a href=\"https:\/\/llengues.umh.es\/files\/2021\/12\/PROTECCIO-DE-DADES-DE-CARACTER-PERSONAL.pdf\" target=\"_blank\" rel=\"noopener\">Document informatiu<\/a>. De conformitat amb all\u00f2 que estableix el Reglament (UE) <a href=\"https:\/\/drive.google.com\/file\/d\/1N2NV2OBpo3Vmp4k3Q9eNrDMevlhzN_ve\/view?usp=drive_link\" target=\"_blank\" rel=\"noopener\">2016\/679<\/a> i la Llei Org\u00e0nica 3\/2018 de Protecci\u00f3 de Dades Personals i Garantia de drets digitals.<\/li>\n<\/ul>\n<hr \/>\n<p style=\"text-align: center\">Col\u00b7labora: Conselleria d&#8217;Educaci\u00f3, Cultura, Universitats i Ocupaci\u00f3<a href=\"https:\/\/llengues.umh.es\/files\/2024\/10\/Logo_GVA_VAL_rojo.png\"><img loading=\"lazy\" class=\" wp-image-2936 aligncenter\" src=\"https:\/\/llengues.umh.es\/files\/2024\/10\/Logo_GVA_VAL_rojo.png\" alt=\"\" width=\"200\" height=\"101\" \/><\/a><\/p>\n<p><\/p>","protected":false},"excerpt":{"rendered":"<p>Proves comunes d\u2019acreditaci\u00f3 de coneixements de Valenci\u00e0<br \/>\ncol\u00b7labora:<\/p>\n<p>La Comissi\u00f3 Interuniversit\u00e0ria d\u2019Estandarditzaci\u00f3 d\u2019Acreditacions de Coneixements de Valenci\u00e0 (cieaCOVA) est\u00e0 formada per membres dels serveis ling\u00fc\u00edstics de les universitats seg\u00fcents: Universitat de Val\u00e8ncia-Estudi General, Universitat Polit\u00e8cnica de Val\u00e8ncia, Universitat d\u2019Alacant, Universitat Jaume I de Castell\u00f3, Universitat Miguel Hern\u00e1ndez d\u2019Elx, Universitat Cardenal Herrera-CEU i Universitat Cat\u00f2lica de Val\u00e8ncia\u2013Sant Vicent [&#8230;]<\/p>\n","protected":false},"author":3564,"featured_media":0,"parent":0,"menu_order":2,"comment_status":"closed","ping_status":"closed","template":"","meta":{"_links_to":"","_links_to_target":""},"_links":{"self":[{"href":"https:\/\/llengues.umh.es\/es\/wp-json\/wp\/v2\/pages\/2128"}],"collection":[{"href":"https:\/\/llengues.umh.es\/es\/wp-json\/wp\/v2\/pages"}],"about":[{"href":"https:\/\/llengues.umh.es\/es\/wp-json\/wp\/v2\/types\/page"}],"author":[{"embeddable":true,"href":"https:\/\/llengues.umh.es\/es\/wp-json\/wp\/v2\/users\/3564"}],"replies":[{"embeddable":true,"href":"https:\/\/llengues.umh.es\/es\/wp-json\/wp\/v2\/comments?post=2128"}],"version-history":[{"count":0,"href":"https:\/\/llengues.umh.es\/es\/wp-json\/wp\/v2\/pages\/2128\/revisions"}],"wp:attachment":[{"href":"https:\/\/llengues.umh.es\/es\/wp-json\/wp\/v2\/media?parent=2128"}],"curies":[{"name":"wp","href":"https:\/\/api.w.org\/{rel}","templated":true}]}}