{"id":446,"date":"2019-12-20T13:13:51","date_gmt":"2019-12-20T12:13:51","guid":{"rendered":"https:\/\/llengues.umh.es\/?page_id=446"},"modified":"2021-10-26T12:45:03","modified_gmt":"2021-10-26T10:45:03","slug":"literatura","status":"publish","type":"page","link":"https:\/\/llengues.umh.es\/es\/activitats-culturals\/literatura\/","title":{"rendered":"Lletres"},"content":{"rendered":"<p><\/p>\n<h5><strong><a href=\"https:\/\/www.dogv.gva.es\/datos\/2020\/06\/12\/pdf\/2020_4265.pdf\" target=\"_blank\" rel=\"noopener noreferrer\"><img loading=\"lazy\" class=\"alignleft\" src=\"https:\/\/cultura.umh.es\/files\/2016\/11\/Logo_atzavares.jpg\" alt=\"Logo_atzavares\" width=\"153\" height=\"115\" \/><\/a>Atzavares 2020<\/strong><\/h5>\n<p><a href=\"https:\/\/www.dogv.gva.es\/datos\/2020\/06\/12\/pdf\/2020_4265.pdf\" target=\"_blank\" rel=\"noopener noreferrer\">Convocat\u00f2ria<\/a> de la quinzena edici\u00f3<\/p>\n<p>del premi de relat curt \u00abAtzavares 2020\u00bb, de la Universitat Miguel Hern\u00e1ndez d\u2019Elx<\/p>\n<hr \/>\n<p><img loading=\"lazy\" class=\"wp-image-725 alignleft\" src=\"https:\/\/llengues.umh.es\/files\/2020\/10\/sambori-2021.jpg\" alt=\"\" width=\"454\" height=\"161\" srcset=\"https:\/\/llengues.umh.es\/files\/2020\/10\/sambori-2021.jpg 1525w, https:\/\/llengues.umh.es\/files\/2020\/10\/sambori-2021-300x106.jpg 300w, https:\/\/llengues.umh.es\/files\/2020\/10\/sambori-2021-768x272.jpg 768w, https:\/\/llengues.umh.es\/files\/2020\/10\/sambori-2021-1024x363.jpg 1024w\" sizes=\"(max-width: 454px) 100vw, 454px\" \/><\/p>\n<p>La <a href=\"http:\/\/www.sambori.net\/\" target=\"_blank\" rel=\"noopener noreferrer\">Fundaci\u00f3 Sambori<\/a>,, amb la col\u00b7laboraci\u00f3 de la Universitat de Val\u00e8ncia, la Universitat Polit\u00e8cnica de Val\u00e8ncia, la Universitat d\u2019Alacant, la Universitat Jaume I i la Universitat Miguel Hern\u00e1ndez, convoca el Disset\u00e8 Concurs Universitari de Narrativa Curta en Valenci\u00e0 PREMI SAMBORI 2020, adre\u00e7at als estudiants de les universitats p\u00fabliques valencianes, d\u2019acord amb les seg\u00fcents bases:<br \/>\n1. Poden participar en aquest concurs tots els estudiants matriculats en el curs 2020-2021, en qualsevol de les titulacions (graus, m\u00e0sters i doctorats).<br \/>\n2. Nom\u00e9s es pot presentar una obra per autora o autor, la qual ha de ser original, in\u00e8dita, no premiada ni pendent de resoluci\u00f3 en cap altre concurs i amb una qualitat ling\u00fc\u00edstica adequada al nivell. Les obres poden ser d\u2019autoria col\u00b7lectiva.<br \/>\nEn el cas que el relat incloga la signatura o qualsevol altra pista que permeta con\u00e8ixer-ne l\u2019autoria, quedar\u00e0 autom\u00e0ticament excl\u00f2s.<br \/>\n3. Les obres han de tenir una extensi\u00f3 entre 1 i 5 p\u00e0gines DIN A4, i s\u2019han de presentar escrites en valenci\u00e0 i amb l\u2019ordinador, en font Arial, en cos 12 i amb un interlineat d\u20191,5 espais. Els treballs s\u2019han de lliurar en suport inform\u00e0tic.<br \/>\n4. Cal presentar les obres fins al 15 de mar\u00e7 de 2021, incl\u00f2s, per correu electr\u00f2nic a l\u2019adre\u00e7a fundacio@sambori.net. L\u2019obra ha d\u2019anar en un fitxer adjunt en PDF, amb el mateix t\u00edtol de l\u2019obra, i el full de participaci\u00f3 amb les dades de l\u2019autor o autora (semblant al tr\u00edptic de les bases), en un altre PDF anomenat \u201c\u00a0<a href=\"http:\/\/www.sambori.net\/wp-content\/uploads\/2020\/10\/bases-universitats-2021.pdf\" target=\"_blank\" rel=\"noopener noreferrer\">Bases i full de participaci\u00f3<\/a>\u201d.<img loading=\"lazy\" class=\"wp-image-731 alignright\" src=\"https:\/\/llengues.umh.es\/files\/2020\/09\/Logo-Sambori-01.png\" alt=\"\" width=\"249\" height=\"249\" srcset=\"https:\/\/llengues.umh.es\/files\/2020\/09\/Logo-Sambori-01.png 3404w, https:\/\/llengues.umh.es\/files\/2020\/09\/Logo-Sambori-01-150x150.png 150w, https:\/\/llengues.umh.es\/files\/2020\/09\/Logo-Sambori-01-300x300.png 300w, https:\/\/llengues.umh.es\/files\/2020\/09\/Logo-Sambori-01-768x768.png 768w, https:\/\/llengues.umh.es\/files\/2020\/09\/Logo-Sambori-01-1024x1024.png 1024w\" sizes=\"(max-width: 249px) 100vw, 249px\" \/><br \/>\n5. El Jurat Sambori Universitari estar\u00e0 format per les persones que la Fundaci\u00f3 Sambori designe entre el m\u00f3n universitari.<br \/>\n6. L\u2019acte de lliurament dels Premis Sambori ser\u00e0 a finals de maig de 2021. Podreu trobar-ne tota la informaci\u00f3 en la web del Sambori.<br \/>\n7. El Jurat concedir\u00e0 tres premis principals. El primer premi estar\u00e0 dotat amb 1.000 euros; el segon, amb 750, i el tercer, amb 500. Si hi ha acc\u00e8ssits, estaran dotats amb 250 euros cadascun. Els relats guanyadors i els acc\u00e8ssits es publicaran dins de la col\u00b7lecci\u00f3 \u201cArc de Sant Mart\u00ed\u201d que edita la Fundaci\u00f3 Sambori i tamb\u00e9 es podran publicar en la web de la Fundaci\u00f3 Sambori.<br \/>\n8. Els drets de publicaci\u00f3 de les obres guanyadores formaran part del patrimoni de l\u2019organitzaci\u00f3 del concurs. No obstant aix\u00f2, els guanyadors podran fer \u00fas dels textos sempre que facen constar el guard\u00f3 rebut.<br \/>\n9. El Jurat Sambori Universitari resoldr\u00e0 totes les q\u00fcestions no previstes en aquestes bases.<br \/>\n10. La resoluci\u00f3 del jurat ser\u00e0 inapel\u00b7lable.<\/p>\n<p>Descarrega les\u00a0<a href=\"http:\/\/www.sambori.net\/wp-content\/uploads\/2020\/10\/bases-universitats-2021.pdf\" target=\"_blank\" rel=\"noopener noreferrer\">Bases i full de participaci\u00f3<\/a>.\u00a0 M\u00e9s informaci\u00f3: <a href=\"http:\/\/www.sambori.net\/\">http:\/\/www.sambori.net\/<\/a><\/p>","protected":false},"excerpt":{"rendered":"<p>Atzavares 2020<br \/>\nConvocat\u00f2ria de la quinzena edici\u00f3<br \/>\ndel premi de relat curt \u00abAtzavares 2020\u00bb, de la Universitat Miguel Hern\u00e1ndez d\u2019Elx<\/p>\n<p>La Fundaci\u00f3 Sambori,, amb la col\u00b7laboraci\u00f3 de la Universitat de Val\u00e8ncia, la Universitat Polit\u00e8cnica de Val\u00e8ncia, la Universitat d\u2019Alacant, la Universitat Jaume I i la Universitat Miguel Hern\u00e1ndez, convoca el Disset\u00e8 Concurs Universitari de Narrativa Curta en Valenci\u00e0 [&#8230;]<\/p>\n","protected":false},"author":3564,"featured_media":0,"parent":629,"menu_order":3,"comment_status":"closed","ping_status":"closed","template":"","meta":{"_links_to":"","_links_to_target":""},"_links":{"self":[{"href":"https:\/\/llengues.umh.es\/es\/wp-json\/wp\/v2\/pages\/446"}],"collection":[{"href":"https:\/\/llengues.umh.es\/es\/wp-json\/wp\/v2\/pages"}],"about":[{"href":"https:\/\/llengues.umh.es\/es\/wp-json\/wp\/v2\/types\/page"}],"author":[{"embeddable":true,"href":"https:\/\/llengues.umh.es\/es\/wp-json\/wp\/v2\/users\/3564"}],"replies":[{"embeddable":true,"href":"https:\/\/llengues.umh.es\/es\/wp-json\/wp\/v2\/comments?post=446"}],"version-history":[{"count":0,"href":"https:\/\/llengues.umh.es\/es\/wp-json\/wp\/v2\/pages\/446\/revisions"}],"up":[{"embeddable":true,"href":"https:\/\/llengues.umh.es\/es\/wp-json\/wp\/v2\/pages\/629"}],"wp:attachment":[{"href":"https:\/\/llengues.umh.es\/es\/wp-json\/wp\/v2\/media?parent=446"}],"curies":[{"name":"wp","href":"https:\/\/api.w.org\/{rel}","templated":true}]}}